{"id":655,"date":"2026-04-20T18:43:25","date_gmt":"2026-04-20T17:43:25","guid":{"rendered":"https:\/\/cval.fr\/?post_type=tribe_events&#038;p=655"},"modified":"2026-04-21T08:19:54","modified_gmt":"2026-04-21T07:19:54","slug":"raid-scolaire-u-g-s-e-l-a-la-base-nautique","status":"publish","type":"tribe_events","link":"https:\/\/cval.fr\/index.php\/event\/raid-scolaire-u-g-s-e-l-a-la-base-nautique\/","title":{"rendered":"Raid Scolaire U.G.S.E.L. \u00e0 la base nautique"},"content":{"rendered":"<p>L&#8217;Union G\u00e9n\u00e9rale Sportive Enseignement Libre U.G.S.E.L. organise le <strong>mercredi 29 avril. de 10h30 \u00e0 14h<\/strong> un raid scolaire avec 120 participants. Le raid consiste en un encha\u00eenement de course d\u2019orientation, de vtt et sur l\u2019eau d\u2019un parcours avec orientation. Le rassemblement est \u00e0 la salle polyvalente de Laffrey.<\/p>\n<p>Le r\u00e9f\u00e9rent pour le CVAL est Hubert. Il faut des adh\u00e9rents b\u00e9n\u00e9voles pour aider car il faudra sortir le mat\u00e9riel, \u00e9quiper tous les jeunes de gilets de sauvetage et rame, \u00e9ventuellement de combinaison pour ceux qui prennent des paddles car l&#8217;eau doit \u00eatre encore bien fraiche !<\/p>\n<pre class=\"moz-quote-pre\"><\/pre>\n","protected":false},"excerpt":{"rendered":"<p>L&#8217;Union G\u00e9n\u00e9rale Sportive Enseignement Libre U.G.S.E.L. organise le mercredi 29 avril. de 10h30 \u00e0 14h un raid scolaire avec 120 participants. Le raid consiste en un encha\u00eenement de course d\u2019orientation, &#8230; <a title=\"Raid Scolaire U.G.S.E.L. \u00e0 la base nautique\" class=\"read-more\" href=\"https:\/\/cval.fr\/index.php\/event\/raid-scolaire-u-g-s-e-l-a-la-base-nautique\/\" aria-label=\"En savoir plus sur Raid Scolaire U.G.S.E.L. \u00e0 la base nautique\">Lire la suite<\/a><\/p>\n","protected":false},"author":5,"featured_media":0,"comment_status":"closed","ping_status":"closed","template":"","meta":{"_tribe_events_status":"","_tribe_events_status_reason":"","footnotes":""},"tags":[],"tribe_events_cat":[],"class_list":["post-655","tribe_events","type-tribe_events","status-publish","hentry"],"yoast_head":"<!-- This site is optimized with the Yoast SEO plugin v27.4 - https:\/\/yoast.com\/product\/yoast-seo-wordpress\/ -->\n<title>Raid Scolaire U.G.S.E.L. \u00e0 la base nautique - Club de Voile et Aviron de Laffrey<\/title>\n<meta name=\"robots\" content=\"index, follow, max-snippet:-1, max-image-preview:large, max-video-preview:-1\" \/>\n<link rel=\"canonical\" href=\"https:\/\/cval.fr\/index.php\/event\/raid-scolaire-u-g-s-e-l-a-la-base-nautique\/\" \/>\n<meta property=\"og:locale\" content=\"fr_FR\" \/>\n<meta property=\"og:type\" content=\"article\" \/>\n<meta property=\"og:title\" content=\"Raid Scolaire U.G.S.E.L. \u00e0 la base nautique - Club de Voile et Aviron de Laffrey\" \/>\n<meta property=\"og:description\" content=\"L&#8217;Union G\u00e9n\u00e9rale Sportive Enseignement Libre U.G.S.E.L. organise le mercredi 29 avril. de 10h30 \u00e0 14h un raid scolaire avec 120 participants. Le raid consiste en un encha\u00eenement de course d\u2019orientation, ... Lire la suite\" \/>\n<meta property=\"og:url\" content=\"https:\/\/cval.fr\/index.php\/event\/raid-scolaire-u-g-s-e-l-a-la-base-nautique\/\" \/>\n<meta property=\"og:site_name\" content=\"Club de Voile et Aviron de Laffrey\" \/>\n<meta property=\"article:modified_time\" content=\"2026-04-21T07:19:54+00:00\" \/>\n<meta name=\"twitter:card\" content=\"summary_large_image\" \/>\n<meta name=\"twitter:label1\" content=\"Dur\u00e9e de lecture estim\u00e9e\" \/>\n\t<meta name=\"twitter:data1\" content=\"1 minute\" \/>\n<script type=\"application\/ld+json\" class=\"yoast-schema-graph\">{\"@context\":\"https:\\\/\\\/schema.org\",\"@graph\":[{\"@type\":\"WebPage\",\"@id\":\"https:\\\/\\\/cval.fr\\\/index.php\\\/event\\\/raid-scolaire-u-g-s-e-l-a-la-base-nautique\\\/\",\"url\":\"https:\\\/\\\/cval.fr\\\/index.php\\\/event\\\/raid-scolaire-u-g-s-e-l-a-la-base-nautique\\\/\",\"name\":\"Raid Scolaire U.G.S.E.L. \u00e0 la base nautique - Club de Voile et Aviron de Laffrey\",\"isPartOf\":{\"@id\":\"https:\\\/\\\/cval.fr\\\/#website\"},\"datePublished\":\"2026-04-20T17:43:25+00:00\",\"dateModified\":\"2026-04-21T07:19:54+00:00\",\"breadcrumb\":{\"@id\":\"https:\\\/\\\/cval.fr\\\/index.php\\\/event\\\/raid-scolaire-u-g-s-e-l-a-la-base-nautique\\\/#breadcrumb\"},\"inLanguage\":\"fr-FR\",\"potentialAction\":[{\"@type\":\"ReadAction\",\"target\":[\"https:\\\/\\\/cval.fr\\\/index.php\\\/event\\\/raid-scolaire-u-g-s-e-l-a-la-base-nautique\\\/\"]}]},{\"@type\":\"BreadcrumbList\",\"@id\":\"https:\\\/\\\/cval.fr\\\/index.php\\\/event\\\/raid-scolaire-u-g-s-e-l-a-la-base-nautique\\\/#breadcrumb\",\"itemListElement\":[{\"@type\":\"ListItem\",\"position\":1,\"name\":\"Accueil\",\"item\":\"https:\\\/\\\/cval.fr\\\/\"},{\"@type\":\"ListItem\",\"position\":2,\"name\":\"\u00c9v\u00e8nements\",\"item\":\"https:\\\/\\\/cval.fr\\\/index.php\\\/events\\\/\"},{\"@type\":\"ListItem\",\"position\":3,\"name\":\"Raid Scolaire U.G.S.E.L. \u00e0 la base nautique\"}]},{\"@type\":\"WebSite\",\"@id\":\"https:\\\/\\\/cval.fr\\\/#website\",\"url\":\"https:\\\/\\\/cval.fr\\\/\",\"name\":\"Club de Voile et Aviron de Laffrey\",\"description\":\"Un petit bateau dans la t\u00eate ....\",\"potentialAction\":[{\"@type\":\"SearchAction\",\"target\":{\"@type\":\"EntryPoint\",\"urlTemplate\":\"https:\\\/\\\/cval.fr\\\/?s={search_term_string}\"},\"query-input\":{\"@type\":\"PropertyValueSpecification\",\"valueRequired\":true,\"valueName\":\"search_term_string\"}}],\"inLanguage\":\"fr-FR\"}]}<\/script>\n<!-- \/ Yoast SEO plugin. -->","yoast_head_json":{"title":"Raid Scolaire U.G.S.E.L. \u00e0 la base nautique - Club de Voile et Aviron de Laffrey","robots":{"index":"index","follow":"follow","max-snippet":"max-snippet:-1","max-image-preview":"max-image-preview:large","max-video-preview":"max-video-preview:-1"},"canonical":"https:\/\/cval.fr\/index.php\/event\/raid-scolaire-u-g-s-e-l-a-la-base-nautique\/","og_locale":"fr_FR","og_type":"article","og_title":"Raid Scolaire U.G.S.E.L. \u00e0 la base nautique - Club de Voile et Aviron de Laffrey","og_description":"L&#8217;Union G\u00e9n\u00e9rale Sportive Enseignement Libre U.G.S.E.L. organise le mercredi 29 avril. de 10h30 \u00e0 14h un raid scolaire avec 120 participants. Le raid consiste en un encha\u00eenement de course d\u2019orientation, ... Lire la suite","og_url":"https:\/\/cval.fr\/index.php\/event\/raid-scolaire-u-g-s-e-l-a-la-base-nautique\/","og_site_name":"Club de Voile et Aviron de Laffrey","article_modified_time":"2026-04-21T07:19:54+00:00","twitter_card":"summary_large_image","twitter_misc":{"Dur\u00e9e de lecture estim\u00e9e":"1 minute"},"schema":{"@context":"https:\/\/schema.org","@graph":[{"@type":"WebPage","@id":"https:\/\/cval.fr\/index.php\/event\/raid-scolaire-u-g-s-e-l-a-la-base-nautique\/","url":"https:\/\/cval.fr\/index.php\/event\/raid-scolaire-u-g-s-e-l-a-la-base-nautique\/","name":"Raid Scolaire U.G.S.E.L. \u00e0 la base nautique - Club de Voile et Aviron de Laffrey","isPartOf":{"@id":"https:\/\/cval.fr\/#website"},"datePublished":"2026-04-20T17:43:25+00:00","dateModified":"2026-04-21T07:19:54+00:00","breadcrumb":{"@id":"https:\/\/cval.fr\/index.php\/event\/raid-scolaire-u-g-s-e-l-a-la-base-nautique\/#breadcrumb"},"inLanguage":"fr-FR","potentialAction":[{"@type":"ReadAction","target":["https:\/\/cval.fr\/index.php\/event\/raid-scolaire-u-g-s-e-l-a-la-base-nautique\/"]}]},{"@type":"BreadcrumbList","@id":"https:\/\/cval.fr\/index.php\/event\/raid-scolaire-u-g-s-e-l-a-la-base-nautique\/#breadcrumb","itemListElement":[{"@type":"ListItem","position":1,"name":"Accueil","item":"https:\/\/cval.fr\/"},{"@type":"ListItem","position":2,"name":"\u00c9v\u00e8nements","item":"https:\/\/cval.fr\/index.php\/events\/"},{"@type":"ListItem","position":3,"name":"Raid Scolaire U.G.S.E.L. \u00e0 la base nautique"}]},{"@type":"WebSite","@id":"https:\/\/cval.fr\/#website","url":"https:\/\/cval.fr\/","name":"Club de Voile et Aviron de Laffrey","description":"Un petit bateau dans la t\u00eate ....","potentialAction":[{"@type":"SearchAction","target":{"@type":"EntryPoint","urlTemplate":"https:\/\/cval.fr\/?s={search_term_string}"},"query-input":{"@type":"PropertyValueSpecification","valueRequired":true,"valueName":"search_term_string"}}],"inLanguage":"fr-FR"}]}},"_links":{"self":[{"href":"https:\/\/cval.fr\/index.php\/wp-json\/wp\/v2\/tribe_events\/655","targetHints":{"allow":["GET"]}}],"collection":[{"href":"https:\/\/cval.fr\/index.php\/wp-json\/wp\/v2\/tribe_events"}],"about":[{"href":"https:\/\/cval.fr\/index.php\/wp-json\/wp\/v2\/types\/tribe_events"}],"author":[{"embeddable":true,"href":"https:\/\/cval.fr\/index.php\/wp-json\/wp\/v2\/users\/5"}],"replies":[{"embeddable":true,"href":"https:\/\/cval.fr\/index.php\/wp-json\/wp\/v2\/comments?post=655"}],"version-history":[{"count":5,"href":"https:\/\/cval.fr\/index.php\/wp-json\/wp\/v2\/tribe_events\/655\/revisions"}],"predecessor-version":[{"id":672,"href":"https:\/\/cval.fr\/index.php\/wp-json\/wp\/v2\/tribe_events\/655\/revisions\/672"}],"wp:attachment":[{"href":"https:\/\/cval.fr\/index.php\/wp-json\/wp\/v2\/media?parent=655"}],"wp:term":[{"taxonomy":"post_tag","embeddable":true,"href":"https:\/\/cval.fr\/index.php\/wp-json\/wp\/v2\/tags?post=655"},{"taxonomy":"tribe_events_cat","embeddable":true,"href":"https:\/\/cval.fr\/index.php\/wp-json\/wp\/v2\/tribe_events_cat?post=655"}],"curies":[{"name":"wp","href":"https:\/\/api.w.org\/{rel}","templated":true}]}}