{"id":630,"date":"2025-10-30T09:56:15","date_gmt":"2025-10-30T08:56:15","guid":{"rendered":"https:\/\/cval.fr\/?post_type=tribe_events&#038;p=630"},"modified":"2025-10-30T09:56:15","modified_gmt":"2025-10-30T08:56:15","slug":"hivernage-de-la-base-2","status":"publish","type":"tribe_events","link":"https:\/\/cval.fr\/index.php\/event\/hivernage-de-la-base-2\/","title":{"rendered":"Hivernage de la Base"},"content":{"rendered":"<div><span style=\"font-size: xx-large;\"><b>La date d&#8217;<span class=\"il\">hivernage<\/span>\u00a0de la base est fix\u00e9e au:<\/b><\/span><\/div>\n<div><span style=\"font-size: xx-large;\"><b>Samedi 15 Novembre !!<\/b><\/span><\/div>\n<div><span style=\"font-size: xx-large;\"><b>RDV 10H15-30 \u00e0 la Base \ud83d\ude42<\/b><\/span><\/div>\n<div><\/div>\n<div><span style=\"font-size: large;\">L&#8217;<span class=\"il\">hivernage<\/span>\u00a0est encore une occasion de se retrouver pour un repas partag\u00e9 et de joyeuses activit\u00e9s entre autres\u00a0 de nettoyage, rangement des communs pour tous les membres des activit\u00e9s Aviron et Voile.<\/span><\/div>\n<div><span style=\"font-size: large;\">\u00a0<\/span><\/div>\n<div><span style=\"font-size: large;\"><b>Pour cette journ\u00e9e sp\u00e9ciale, il\u00a0 n&#8217;y aura donc pas d&#8217;activit\u00e9 de pratique sportive voile ou aviron&#8230;mais une belle offre d&#8217;activit\u00e9 physique de curling m\u00e9nage, paquetage de feuilles mortes, rangement voilerie, retourn\u00e9e de coques en \u00e9paule et jet\u00e9, scotching de hauban sur mat&#8230;..\u00a0 \u00a0en double, solo ou \u00e9quipe&#8230;<\/b><\/span><\/div>\n<div><span style=\"font-size: large;\"><b>\u00a0<\/b><\/span><\/div>\n<div><span style=\"font-size: large;\"><b>On vous attend nombreuses et nombreux afin de finir au max \u00e0 17h00<\/b><\/span><\/div>\n","protected":false},"excerpt":{"rendered":"<p>La date d&#8217;hivernage\u00a0de la base est fix\u00e9e au: Samedi 15 Novembre !! RDV 10H15-30 \u00e0 la Base \ud83d\ude42 L&#8217;hivernage\u00a0est encore une occasion de se retrouver pour un repas partag\u00e9 et &#8230; <a title=\"Hivernage de la Base\" class=\"read-more\" href=\"https:\/\/cval.fr\/index.php\/event\/hivernage-de-la-base-2\/\" aria-label=\"En savoir plus sur Hivernage de la Base\">Lire la suite<\/a><\/p>\n","protected":false},"author":1,"featured_media":0,"comment_status":"closed","ping_status":"closed","template":"","meta":{"_tribe_events_status":"","_tribe_events_status_reason":"","footnotes":""},"tags":[],"tribe_events_cat":[],"class_list":["post-630","tribe_events","type-tribe_events","status-publish","hentry"],"yoast_head":"<!-- This site is optimized with the Yoast SEO plugin v27.4 - https:\/\/yoast.com\/product\/yoast-seo-wordpress\/ -->\n<title>Hivernage de la Base - Club de Voile et Aviron de Laffrey<\/title>\n<meta name=\"robots\" content=\"index, follow, max-snippet:-1, max-image-preview:large, max-video-preview:-1\" \/>\n<link rel=\"canonical\" href=\"https:\/\/cval.fr\/index.php\/event\/hivernage-de-la-base-2\/\" \/>\n<meta property=\"og:locale\" content=\"fr_FR\" \/>\n<meta property=\"og:type\" content=\"article\" \/>\n<meta property=\"og:title\" content=\"Hivernage de la Base - Club de Voile et Aviron de Laffrey\" \/>\n<meta property=\"og:description\" content=\"La date d&#8217;hivernage\u00a0de la base est fix\u00e9e au: Samedi 15 Novembre !! RDV 10H15-30 \u00e0 la Base \ud83d\ude42 L&#8217;hivernage\u00a0est encore une occasion de se retrouver pour un repas partag\u00e9 et ... Lire la suite\" \/>\n<meta property=\"og:url\" content=\"https:\/\/cval.fr\/index.php\/event\/hivernage-de-la-base-2\/\" \/>\n<meta property=\"og:site_name\" content=\"Club de Voile et Aviron de Laffrey\" \/>\n<meta name=\"twitter:card\" content=\"summary_large_image\" \/>\n<meta name=\"twitter:label1\" content=\"Dur\u00e9e de lecture estim\u00e9e\" \/>\n\t<meta name=\"twitter:data1\" content=\"1 minute\" \/>\n<script type=\"application\/ld+json\" class=\"yoast-schema-graph\">{\"@context\":\"https:\\\/\\\/schema.org\",\"@graph\":[{\"@type\":\"WebPage\",\"@id\":\"https:\\\/\\\/cval.fr\\\/index.php\\\/event\\\/hivernage-de-la-base-2\\\/\",\"url\":\"https:\\\/\\\/cval.fr\\\/index.php\\\/event\\\/hivernage-de-la-base-2\\\/\",\"name\":\"Hivernage de la Base - Club de Voile et Aviron de Laffrey\",\"isPartOf\":{\"@id\":\"https:\\\/\\\/cval.fr\\\/#website\"},\"datePublished\":\"2025-10-30T08:56:15+00:00\",\"breadcrumb\":{\"@id\":\"https:\\\/\\\/cval.fr\\\/index.php\\\/event\\\/hivernage-de-la-base-2\\\/#breadcrumb\"},\"inLanguage\":\"fr-FR\",\"potentialAction\":[{\"@type\":\"ReadAction\",\"target\":[\"https:\\\/\\\/cval.fr\\\/index.php\\\/event\\\/hivernage-de-la-base-2\\\/\"]}]},{\"@type\":\"BreadcrumbList\",\"@id\":\"https:\\\/\\\/cval.fr\\\/index.php\\\/event\\\/hivernage-de-la-base-2\\\/#breadcrumb\",\"itemListElement\":[{\"@type\":\"ListItem\",\"position\":1,\"name\":\"Accueil\",\"item\":\"https:\\\/\\\/cval.fr\\\/\"},{\"@type\":\"ListItem\",\"position\":2,\"name\":\"\u00c9v\u00e8nements\",\"item\":\"https:\\\/\\\/cval.fr\\\/index.php\\\/events\\\/\"},{\"@type\":\"ListItem\",\"position\":3,\"name\":\"Hivernage de la Base\"}]},{\"@type\":\"WebSite\",\"@id\":\"https:\\\/\\\/cval.fr\\\/#website\",\"url\":\"https:\\\/\\\/cval.fr\\\/\",\"name\":\"Club de Voile et Aviron de Laffrey\",\"description\":\"Un petit bateau dans la t\u00eate ....\",\"potentialAction\":[{\"@type\":\"SearchAction\",\"target\":{\"@type\":\"EntryPoint\",\"urlTemplate\":\"https:\\\/\\\/cval.fr\\\/?s={search_term_string}\"},\"query-input\":{\"@type\":\"PropertyValueSpecification\",\"valueRequired\":true,\"valueName\":\"search_term_string\"}}],\"inLanguage\":\"fr-FR\"}]}<\/script>\n<!-- \/ Yoast SEO plugin. -->","yoast_head_json":{"title":"Hivernage de la Base - Club de Voile et Aviron de Laffrey","robots":{"index":"index","follow":"follow","max-snippet":"max-snippet:-1","max-image-preview":"max-image-preview:large","max-video-preview":"max-video-preview:-1"},"canonical":"https:\/\/cval.fr\/index.php\/event\/hivernage-de-la-base-2\/","og_locale":"fr_FR","og_type":"article","og_title":"Hivernage de la Base - Club de Voile et Aviron de Laffrey","og_description":"La date d&#8217;hivernage\u00a0de la base est fix\u00e9e au: Samedi 15 Novembre !! RDV 10H15-30 \u00e0 la Base \ud83d\ude42 L&#8217;hivernage\u00a0est encore une occasion de se retrouver pour un repas partag\u00e9 et ... Lire la suite","og_url":"https:\/\/cval.fr\/index.php\/event\/hivernage-de-la-base-2\/","og_site_name":"Club de Voile et Aviron de Laffrey","twitter_card":"summary_large_image","twitter_misc":{"Dur\u00e9e de lecture estim\u00e9e":"1 minute"},"schema":{"@context":"https:\/\/schema.org","@graph":[{"@type":"WebPage","@id":"https:\/\/cval.fr\/index.php\/event\/hivernage-de-la-base-2\/","url":"https:\/\/cval.fr\/index.php\/event\/hivernage-de-la-base-2\/","name":"Hivernage de la Base - Club de Voile et Aviron de Laffrey","isPartOf":{"@id":"https:\/\/cval.fr\/#website"},"datePublished":"2025-10-30T08:56:15+00:00","breadcrumb":{"@id":"https:\/\/cval.fr\/index.php\/event\/hivernage-de-la-base-2\/#breadcrumb"},"inLanguage":"fr-FR","potentialAction":[{"@type":"ReadAction","target":["https:\/\/cval.fr\/index.php\/event\/hivernage-de-la-base-2\/"]}]},{"@type":"BreadcrumbList","@id":"https:\/\/cval.fr\/index.php\/event\/hivernage-de-la-base-2\/#breadcrumb","itemListElement":[{"@type":"ListItem","position":1,"name":"Accueil","item":"https:\/\/cval.fr\/"},{"@type":"ListItem","position":2,"name":"\u00c9v\u00e8nements","item":"https:\/\/cval.fr\/index.php\/events\/"},{"@type":"ListItem","position":3,"name":"Hivernage de la Base"}]},{"@type":"WebSite","@id":"https:\/\/cval.fr\/#website","url":"https:\/\/cval.fr\/","name":"Club de Voile et Aviron de Laffrey","description":"Un petit bateau dans la t\u00eate ....","potentialAction":[{"@type":"SearchAction","target":{"@type":"EntryPoint","urlTemplate":"https:\/\/cval.fr\/?s={search_term_string}"},"query-input":{"@type":"PropertyValueSpecification","valueRequired":true,"valueName":"search_term_string"}}],"inLanguage":"fr-FR"}]}},"_links":{"self":[{"href":"https:\/\/cval.fr\/index.php\/wp-json\/wp\/v2\/tribe_events\/630","targetHints":{"allow":["GET"]}}],"collection":[{"href":"https:\/\/cval.fr\/index.php\/wp-json\/wp\/v2\/tribe_events"}],"about":[{"href":"https:\/\/cval.fr\/index.php\/wp-json\/wp\/v2\/types\/tribe_events"}],"author":[{"embeddable":true,"href":"https:\/\/cval.fr\/index.php\/wp-json\/wp\/v2\/users\/1"}],"replies":[{"embeddable":true,"href":"https:\/\/cval.fr\/index.php\/wp-json\/wp\/v2\/comments?post=630"}],"version-history":[{"count":1,"href":"https:\/\/cval.fr\/index.php\/wp-json\/wp\/v2\/tribe_events\/630\/revisions"}],"predecessor-version":[{"id":631,"href":"https:\/\/cval.fr\/index.php\/wp-json\/wp\/v2\/tribe_events\/630\/revisions\/631"}],"wp:attachment":[{"href":"https:\/\/cval.fr\/index.php\/wp-json\/wp\/v2\/media?parent=630"}],"wp:term":[{"taxonomy":"post_tag","embeddable":true,"href":"https:\/\/cval.fr\/index.php\/wp-json\/wp\/v2\/tags?post=630"},{"taxonomy":"tribe_events_cat","embeddable":true,"href":"https:\/\/cval.fr\/index.php\/wp-json\/wp\/v2\/tribe_events_cat?post=630"}],"curies":[{"name":"wp","href":"https:\/\/api.w.org\/{rel}","templated":true}]}}