{"id":2,"date":"2023-08-08T12:36:49","date_gmt":"2023-08-08T12:36:49","guid":{"rendered":"https:\/\/cval.fr\/?page_id=2"},"modified":"2025-05-13T10:34:41","modified_gmt":"2025-05-13T09:34:41","slug":"sample-page","status":"publish","type":"page","link":"https:\/\/cval.fr\/","title":{"rendered":"Pr\u00e9sentation du Club"},"content":{"rendered":"\n<div class=\"wp-block-media-text is-stacked-on-mobile\"><figure class=\"wp-block-media-text__media\"><img loading=\"lazy\" decoding=\"async\" width=\"358\" height=\"221\" src=\"https:\/\/cval.fr\/wp-content\/uploads\/2024\/03\/histo_club.jpeg\" alt=\"\" class=\"wp-image-176 size-full\" srcset=\"https:\/\/cval.fr\/wp-content\/uploads\/2024\/03\/histo_club.jpeg 358w, https:\/\/cval.fr\/wp-content\/uploads\/2024\/03\/histo_club-300x185.jpeg 300w\" sizes=\"auto, (max-width: 358px) 100vw, 358px\" \/><\/figure><div class=\"wp-block-media-text__content\">\n<p>Le Club de Voile Aviron de Laffrey est situ\u00e9 sur le plateau Matheysin non loin du village de Laffrey \u00e0 900m d&#8217;altitude. C&#8217;est un des plus anciens Clubs de la r\u00e9gion Rh\u00f4ne-Alpes. Sa date de cr\u00e9ation remonte \u00e0 1948. D\u00e9nomm\u00e9 Touring Club de France jusque dans les ann\u00e9es  80 , il devient le CVGL (Club de Voile Grenoble Laffrey) le 11 Mai 1987 puis le 19 F\u00e9vrier 2011 il devient le Club de Voile Aviron de Laffrey avec les d\u00e9veloppement de l&#8217;activit\u00e9 Aviron.<\/p>\n<\/div><\/div>\n\n\n\n<hr class=\"wp-block-separator has-alpha-channel-opacity\"\/>\n\n\n<div class=\"wp-block-image\">\n<figure class=\"aligncenter size-full\"><img loading=\"lazy\" decoding=\"async\" width=\"651\" height=\"93\" src=\"https:\/\/cval.fr\/wp-content\/uploads\/2024\/11\/CVGL_11Mai_1987.png\" alt=\"\" class=\"wp-image-470\" srcset=\"https:\/\/cval.fr\/wp-content\/uploads\/2024\/11\/CVGL_11Mai_1987.png 651w, https:\/\/cval.fr\/wp-content\/uploads\/2024\/11\/CVGL_11Mai_1987-300x43.png 300w\" sizes=\"auto, (max-width: 651px) 100vw, 651px\" \/><\/figure>\n<\/div>\n\n<div class=\"wp-block-image\">\n<figure class=\"aligncenter size-full\"><img loading=\"lazy\" decoding=\"async\" width=\"418\" height=\"178\" src=\"https:\/\/cval.fr\/wp-content\/uploads\/2024\/11\/CVAL_JO_19Fev2011.png\" alt=\"\" class=\"wp-image-469\" srcset=\"https:\/\/cval.fr\/wp-content\/uploads\/2024\/11\/CVAL_JO_19Fev2011.png 418w, https:\/\/cval.fr\/wp-content\/uploads\/2024\/11\/CVAL_JO_19Fev2011-300x128.png 300w\" sizes=\"auto, (max-width: 418px) 100vw, 418px\" \/><\/figure>\n<\/div>\n\n\n<hr class=\"wp-block-separator has-alpha-channel-opacity\"\/>\n\n\n\n<div class=\"wp-block-media-text is-stacked-on-mobile\"><figure class=\"wp-block-media-text__media\"><img loading=\"lazy\" decoding=\"async\" width=\"448\" height=\"330\" src=\"https:\/\/cval.fr\/wp-content\/uploads\/2024\/03\/1983.png\" alt=\"\" class=\"wp-image-179 size-full\" srcset=\"https:\/\/cval.fr\/wp-content\/uploads\/2024\/03\/1983.png 448w, https:\/\/cval.fr\/wp-content\/uploads\/2024\/03\/1983-300x221.png 300w\" sizes=\"auto, (max-width: 448px) 100vw, 448px\" \/><\/figure><div class=\"wp-block-media-text__content\">\n<p>D\u00e8s les Ann\u00e9es 1920 commencent \u00e0 \u00eatre <\/p>\n\n\n\n<p>r\u00e9guli\u00e8rement organis\u00e9es des r\u00e9gates avirons sur le lac de Laffrey, qui deviendront une institution du club d\u2019aviron de Grenoble jusque dans les ann\u00e9es 1980.<\/p>\n\n\n\n<p>Les r\u00e9gates du club, notamment le match Grenoble-Turin, mais aussi des championnats de ligue et de la zone Sud-Est, sont organis\u00e9s sur le lac de Laffrey. Un match France-Italie, ouvert aux autres soci\u00e9t\u00e9s des deux pays, y est m\u00eame organis\u00e9 en septembre 1968. Le lac est, \u00e0 cette occasion, enti\u00e8rement balis\u00e9 \u00e0 6 couloirs<\/p>\n<\/div><\/div>\n\n\n\n<p><\/p>\n\n\n\n<p>L&#8217;activit\u00e9 voile fait depuis toujours partie int\u00e9grante du paysage sur les rives du Lac avec une pratique r\u00e9guli\u00e8re sur des embarcations qui pour certaines font encore partie de la flotte du Club !<\/p>\n\n\n\n<p><\/p>\n\n\n\n<figure class=\"wp-block-gallery has-nested-images columns-default is-cropped wp-block-gallery-1 is-layout-flex wp-block-gallery-is-layout-flex\">\n<figure class=\"wp-block-image size-large\"><img loading=\"lazy\" decoding=\"async\" width=\"401\" height=\"423\" data-id=\"183\" src=\"https:\/\/cval.fr\/wp-content\/uploads\/2024\/03\/1964.png\" alt=\"\" class=\"wp-image-183\" srcset=\"https:\/\/cval.fr\/wp-content\/uploads\/2024\/03\/1964.png 401w, https:\/\/cval.fr\/wp-content\/uploads\/2024\/03\/1964-284x300.png 284w\" sizes=\"auto, (max-width: 401px) 100vw, 401px\" \/><\/figure>\n\n\n\n<figure class=\"wp-block-image size-large\"><img loading=\"lazy\" decoding=\"async\" width=\"482\" height=\"336\" data-id=\"180\" src=\"https:\/\/cval.fr\/wp-content\/uploads\/2024\/03\/1967.png\" alt=\"\" class=\"wp-image-180\" srcset=\"https:\/\/cval.fr\/wp-content\/uploads\/2024\/03\/1967.png 482w, https:\/\/cval.fr\/wp-content\/uploads\/2024\/03\/1967-300x209.png 300w\" sizes=\"auto, (max-width: 482px) 100vw, 482px\" \/><\/figure>\n<\/figure>\n\n\n\n<p><\/p>\n\n\n\n<p>Le CVAL est un Club familial et multi-activit\u00e9s. Il est notamment un des seuls proposant Voile et Aviron mais aussi Planche \u00e0 voile, paddle, cano\u00e9s, nage en eau libre. Il est ouvert \u00e0 toutes et tous : son tarif d&#8217;adh\u00e9sion est attractif. <\/p>\n\n\n\n<p>Les grands principes de l&#8217;esprit du CVAL sont l&#8217;entraide et l&#8217;acc\u00e8s \u00e0 la pratique loisir et sportive pour le plus grand nombre. Son fonctionnement facilite l&#8217;autonomie et l&#8217;apprentissage entre membres. L&#8217;ensemble des activit\u00e9s repose sur le recours au b\u00e9n\u00e9volat et aux comp\u00e9tences de chacun autant pour les activit\u00e9s sportives que pour l&#8217;entretien des embarcations et des locaux. Le CVAL travaille en \u00e9troite collaboration avec la Mairie de Laffrey et la Communaut\u00e9 de Commune de la Matheysine au travers de sa participation aux \u00e9v\u00e9nements locaux (voile scolaire, swimrunman, triathlon de Laffrey, organisation de la randonn\u00e9e Aviron sur le Lac du Monteynard)<\/p>\n\n\n\n<figure class=\"wp-block-gallery has-nested-images columns-default is-cropped wp-block-gallery-2 is-layout-flex wp-block-gallery-is-layout-flex\">\n<figure class=\"wp-block-image size-large\"><img loading=\"lazy\" decoding=\"async\" width=\"678\" height=\"1024\" data-id=\"570\" src=\"https:\/\/cval.fr\/wp-content\/uploads\/2025\/05\/IMGP2875-copie-678x1024.jpg\" alt=\"\" class=\"wp-image-570\" srcset=\"https:\/\/cval.fr\/wp-content\/uploads\/2025\/05\/IMGP2875-copie-678x1024.jpg 678w, https:\/\/cval.fr\/wp-content\/uploads\/2025\/05\/IMGP2875-copie-199x300.jpg 199w, https:\/\/cval.fr\/wp-content\/uploads\/2025\/05\/IMGP2875-copie-768x1160.jpg 768w, https:\/\/cval.fr\/wp-content\/uploads\/2025\/05\/IMGP2875-copie.jpg 816w\" sizes=\"auto, (max-width: 678px) 100vw, 678px\" \/><\/figure>\n\n\n\n<figure class=\"wp-block-image size-large\"><img loading=\"lazy\" decoding=\"async\" width=\"908\" height=\"657\" data-id=\"134\" src=\"https:\/\/cval.fr\/wp-content\/uploads\/2024\/03\/dromearceche2.png\" alt=\"\" class=\"wp-image-134\" srcset=\"https:\/\/cval.fr\/wp-content\/uploads\/2024\/03\/dromearceche2.png 908w, https:\/\/cval.fr\/wp-content\/uploads\/2024\/03\/dromearceche2-300x217.png 300w, https:\/\/cval.fr\/wp-content\/uploads\/2024\/03\/dromearceche2-768x556.png 768w, https:\/\/cval.fr\/wp-content\/uploads\/2024\/03\/dromearceche2-600x434.png 600w\" sizes=\"auto, (max-width: 908px) 100vw, 908px\" \/><\/figure>\n\n\n\n<figure class=\"wp-block-image size-large\"><img loading=\"lazy\" decoding=\"async\" width=\"1024\" height=\"576\" data-id=\"178\" src=\"https:\/\/cval.fr\/wp-content\/uploads\/2024\/03\/pichet2023-1024x576.jpg\" alt=\"\" class=\"wp-image-178\" srcset=\"https:\/\/cval.fr\/wp-content\/uploads\/2024\/03\/pichet2023-1024x576.jpg 1024w, https:\/\/cval.fr\/wp-content\/uploads\/2024\/03\/pichet2023-300x169.jpg 300w, https:\/\/cval.fr\/wp-content\/uploads\/2024\/03\/pichet2023-768x432.jpg 768w, https:\/\/cval.fr\/wp-content\/uploads\/2024\/03\/pichet2023-1536x864.jpg 1536w, https:\/\/cval.fr\/wp-content\/uploads\/2024\/03\/pichet2023-2048x1152.jpg 2048w, https:\/\/cval.fr\/wp-content\/uploads\/2024\/03\/pichet2023-600x338.jpg 600w\" sizes=\"auto, (max-width: 1024px) 100vw, 1024px\" \/><\/figure>\n\n\n\n<figure class=\"wp-block-image size-large\"><img loading=\"lazy\" decoding=\"async\" width=\"1024\" height=\"683\" data-id=\"565\" src=\"https:\/\/cval.fr\/wp-content\/uploads\/2025\/05\/2024.08.15-03-Fireball-1024x683.jpg\" alt=\"\" class=\"wp-image-565\" srcset=\"https:\/\/cval.fr\/wp-content\/uploads\/2025\/05\/2024.08.15-03-Fireball-1024x683.jpg 1024w, https:\/\/cval.fr\/wp-content\/uploads\/2025\/05\/2024.08.15-03-Fireball-300x200.jpg 300w, https:\/\/cval.fr\/wp-content\/uploads\/2025\/05\/2024.08.15-03-Fireball-768x512.jpg 768w, https:\/\/cval.fr\/wp-content\/uploads\/2025\/05\/2024.08.15-03-Fireball-1536x1024.jpg 1536w, https:\/\/cval.fr\/wp-content\/uploads\/2025\/05\/2024.08.15-03-Fireball-2048x1365.jpg 2048w\" sizes=\"auto, (max-width: 1024px) 100vw, 1024px\" \/><figcaption class=\"wp-element-caption\">OLYMPUS DIGITAL CAMERA<\/figcaption><\/figure>\n<\/figure>\n\n\n\n<p><\/p>\n","protected":false},"excerpt":{"rendered":"<p>Le Club de Voile Aviron de Laffrey est situ\u00e9 sur le plateau Matheysin non loin du village de Laffrey \u00e0 900m d&#8217;altitude. C&#8217;est un des plus anciens Clubs de la &#8230; <a title=\"Pr\u00e9sentation du Club\" class=\"read-more\" href=\"https:\/\/cval.fr\/\" aria-label=\"En savoir plus sur Pr\u00e9sentation du Club\">Lire la suite<\/a><\/p>\n","protected":false},"author":1,"featured_media":0,"parent":0,"menu_order":0,"comment_status":"closed","ping_status":"open","template":"","meta":{"footnotes":""},"class_list":["post-2","page","type-page","status-publish"],"yoast_head":"<!-- This site is optimized with the Yoast SEO plugin v27.4 - https:\/\/yoast.com\/product\/yoast-seo-wordpress\/ -->\n<title>Pr\u00e9sentation du Club - Club de Voile et Aviron de Laffrey<\/title>\n<meta name=\"robots\" content=\"index, follow, max-snippet:-1, max-image-preview:large, max-video-preview:-1\" \/>\n<link rel=\"canonical\" href=\"https:\/\/cval.fr\/\" \/>\n<meta property=\"og:locale\" content=\"fr_FR\" \/>\n<meta property=\"og:type\" content=\"article\" \/>\n<meta property=\"og:title\" content=\"Pr\u00e9sentation du Club - Club de Voile et Aviron de Laffrey\" \/>\n<meta property=\"og:description\" content=\"Le Club de Voile Aviron de Laffrey est situ\u00e9 sur le plateau Matheysin non loin du village de Laffrey \u00e0 900m d&#8217;altitude. C&#8217;est un des plus anciens Clubs de la ... Lire la suite\" \/>\n<meta property=\"og:url\" content=\"https:\/\/cval.fr\/\" \/>\n<meta property=\"og:site_name\" content=\"Club de Voile et Aviron de Laffrey\" \/>\n<meta property=\"article:modified_time\" content=\"2025-05-13T09:34:41+00:00\" \/>\n<meta property=\"og:image\" content=\"https:\/\/cval.fr\/wp-content\/uploads\/2024\/03\/histo_club.jpeg\" \/>\n\t<meta property=\"og:image:width\" content=\"358\" \/>\n\t<meta property=\"og:image:height\" content=\"221\" \/>\n\t<meta property=\"og:image:type\" content=\"image\/jpeg\" \/>\n<meta name=\"twitter:card\" content=\"summary_large_image\" \/>\n<meta name=\"twitter:label1\" content=\"Dur\u00e9e de lecture estim\u00e9e\" \/>\n\t<meta name=\"twitter:data1\" content=\"4 minutes\" \/>\n<script type=\"application\/ld+json\" class=\"yoast-schema-graph\">{\"@context\":\"https:\\\/\\\/schema.org\",\"@graph\":[{\"@type\":\"WebPage\",\"@id\":\"https:\\\/\\\/cval.fr\\\/\",\"url\":\"https:\\\/\\\/cval.fr\\\/\",\"name\":\"Pr\u00e9sentation du Club - Club de Voile et Aviron de Laffrey\",\"isPartOf\":{\"@id\":\"https:\\\/\\\/cval.fr\\\/#website\"},\"primaryImageOfPage\":{\"@id\":\"https:\\\/\\\/cval.fr\\\/#primaryimage\"},\"image\":{\"@id\":\"https:\\\/\\\/cval.fr\\\/#primaryimage\"},\"thumbnailUrl\":\"https:\\\/\\\/cval.fr\\\/wp-content\\\/uploads\\\/2024\\\/03\\\/histo_club.jpeg\",\"datePublished\":\"2023-08-08T12:36:49+00:00\",\"dateModified\":\"2025-05-13T09:34:41+00:00\",\"breadcrumb\":{\"@id\":\"https:\\\/\\\/cval.fr\\\/#breadcrumb\"},\"inLanguage\":\"fr-FR\",\"potentialAction\":[{\"@type\":\"ReadAction\",\"target\":[\"https:\\\/\\\/cval.fr\\\/\"]}]},{\"@type\":\"ImageObject\",\"inLanguage\":\"fr-FR\",\"@id\":\"https:\\\/\\\/cval.fr\\\/#primaryimage\",\"url\":\"https:\\\/\\\/cval.fr\\\/wp-content\\\/uploads\\\/2024\\\/03\\\/histo_club.jpeg\",\"contentUrl\":\"https:\\\/\\\/cval.fr\\\/wp-content\\\/uploads\\\/2024\\\/03\\\/histo_club.jpeg\",\"width\":358,\"height\":221},{\"@type\":\"BreadcrumbList\",\"@id\":\"https:\\\/\\\/cval.fr\\\/#breadcrumb\",\"itemListElement\":[{\"@type\":\"ListItem\",\"position\":1,\"name\":\"Accueil\",\"item\":\"https:\\\/\\\/cval.fr\\\/\"},{\"@type\":\"ListItem\",\"position\":2,\"name\":\"Pr\u00e9sentation du Club\"}]},{\"@type\":\"WebSite\",\"@id\":\"https:\\\/\\\/cval.fr\\\/#website\",\"url\":\"https:\\\/\\\/cval.fr\\\/\",\"name\":\"Club de Voile et Aviron de Laffrey\",\"description\":\"Un petit bateau dans la t\u00eate ....\",\"potentialAction\":[{\"@type\":\"SearchAction\",\"target\":{\"@type\":\"EntryPoint\",\"urlTemplate\":\"https:\\\/\\\/cval.fr\\\/?s={search_term_string}\"},\"query-input\":{\"@type\":\"PropertyValueSpecification\",\"valueRequired\":true,\"valueName\":\"search_term_string\"}}],\"inLanguage\":\"fr-FR\"}]}<\/script>\n<!-- \/ Yoast SEO plugin. -->","yoast_head_json":{"title":"Pr\u00e9sentation du Club - Club de Voile et Aviron de Laffrey","robots":{"index":"index","follow":"follow","max-snippet":"max-snippet:-1","max-image-preview":"max-image-preview:large","max-video-preview":"max-video-preview:-1"},"canonical":"https:\/\/cval.fr\/","og_locale":"fr_FR","og_type":"article","og_title":"Pr\u00e9sentation du Club - Club de Voile et Aviron de Laffrey","og_description":"Le Club de Voile Aviron de Laffrey est situ\u00e9 sur le plateau Matheysin non loin du village de Laffrey \u00e0 900m d&#8217;altitude. C&#8217;est un des plus anciens Clubs de la ... Lire la suite","og_url":"https:\/\/cval.fr\/","og_site_name":"Club de Voile et Aviron de Laffrey","article_modified_time":"2025-05-13T09:34:41+00:00","og_image":[{"width":358,"height":221,"url":"https:\/\/cval.fr\/wp-content\/uploads\/2024\/03\/histo_club.jpeg","type":"image\/jpeg"}],"twitter_card":"summary_large_image","twitter_misc":{"Dur\u00e9e de lecture estim\u00e9e":"4 minutes"},"schema":{"@context":"https:\/\/schema.org","@graph":[{"@type":"WebPage","@id":"https:\/\/cval.fr\/","url":"https:\/\/cval.fr\/","name":"Pr\u00e9sentation du Club - Club de Voile et Aviron de Laffrey","isPartOf":{"@id":"https:\/\/cval.fr\/#website"},"primaryImageOfPage":{"@id":"https:\/\/cval.fr\/#primaryimage"},"image":{"@id":"https:\/\/cval.fr\/#primaryimage"},"thumbnailUrl":"https:\/\/cval.fr\/wp-content\/uploads\/2024\/03\/histo_club.jpeg","datePublished":"2023-08-08T12:36:49+00:00","dateModified":"2025-05-13T09:34:41+00:00","breadcrumb":{"@id":"https:\/\/cval.fr\/#breadcrumb"},"inLanguage":"fr-FR","potentialAction":[{"@type":"ReadAction","target":["https:\/\/cval.fr\/"]}]},{"@type":"ImageObject","inLanguage":"fr-FR","@id":"https:\/\/cval.fr\/#primaryimage","url":"https:\/\/cval.fr\/wp-content\/uploads\/2024\/03\/histo_club.jpeg","contentUrl":"https:\/\/cval.fr\/wp-content\/uploads\/2024\/03\/histo_club.jpeg","width":358,"height":221},{"@type":"BreadcrumbList","@id":"https:\/\/cval.fr\/#breadcrumb","itemListElement":[{"@type":"ListItem","position":1,"name":"Accueil","item":"https:\/\/cval.fr\/"},{"@type":"ListItem","position":2,"name":"Pr\u00e9sentation du Club"}]},{"@type":"WebSite","@id":"https:\/\/cval.fr\/#website","url":"https:\/\/cval.fr\/","name":"Club de Voile et Aviron de Laffrey","description":"Un petit bateau dans la t\u00eate ....","potentialAction":[{"@type":"SearchAction","target":{"@type":"EntryPoint","urlTemplate":"https:\/\/cval.fr\/?s={search_term_string}"},"query-input":{"@type":"PropertyValueSpecification","valueRequired":true,"valueName":"search_term_string"}}],"inLanguage":"fr-FR"}]}},"_links":{"self":[{"href":"https:\/\/cval.fr\/index.php\/wp-json\/wp\/v2\/pages\/2","targetHints":{"allow":["GET"]}}],"collection":[{"href":"https:\/\/cval.fr\/index.php\/wp-json\/wp\/v2\/pages"}],"about":[{"href":"https:\/\/cval.fr\/index.php\/wp-json\/wp\/v2\/types\/page"}],"author":[{"embeddable":true,"href":"https:\/\/cval.fr\/index.php\/wp-json\/wp\/v2\/users\/1"}],"replies":[{"embeddable":true,"href":"https:\/\/cval.fr\/index.php\/wp-json\/wp\/v2\/comments?post=2"}],"version-history":[{"count":12,"href":"https:\/\/cval.fr\/index.php\/wp-json\/wp\/v2\/pages\/2\/revisions"}],"predecessor-version":[{"id":571,"href":"https:\/\/cval.fr\/index.php\/wp-json\/wp\/v2\/pages\/2\/revisions\/571"}],"wp:attachment":[{"href":"https:\/\/cval.fr\/index.php\/wp-json\/wp\/v2\/media?parent=2"}],"curies":[{"name":"wp","href":"https:\/\/api.w.org\/{rel}","templated":true}]}}